{"id":147190,"date":"2026-02-19T10:06:12","date_gmt":"2026-02-19T08:06:12","guid":{"rendered":"https:\/\/shop.noor.fi\/product\/darci-vagglampa-sand\/"},"modified":"2026-03-06T21:52:28","modified_gmt":"2026-03-06T19:52:28","slug":"darci-vagglampa-sand","status":"publish","type":"product","link":"https:\/\/shop.noor.fi\/sv\/produkt\/darci-vagglampa-sand\/","title":{"rendered":"Darci v\u00e4gglampa sand"},"content":{"rendered":"<p>Med sin coola och industriella design \u00e4r Darci-serien av Bj\u00f8rn + Balle b\u00e5de ett v\u00e4ldigt funktionellt och estetiskt inslag i ditt hem. Perfekt som s\u00e4nglampa, \u00f6ver k\u00f6ksb\u00e4nken eller p\u00e5 n\u00e5gon annan plats i ditt hem som beh\u00f6ver elegant och funktionell belysning. Det vackert sv\u00e4ngda lamphuvudet \u00e4r l\u00e4tt att justera beroende p\u00e5 om du ska anv\u00e4nda det f\u00f6r att l\u00e4sa, arbeta eller bara skapa r\u00e4tt atmosf\u00e4r i rummet. Kvalitetsmaterialen med en sidenmjuk, matt yta har en modern och stilren look. Du t\u00e4nder och sl\u00e4cker lampan med en mjuk tryckning p\u00e5 touchknappen.<br \/>\nArmaturen har en 180 cm l\u00e5ng textilsladd. Str\u00f6mbrytare p\u00e5 armaturen.<br \/>\nE14, max 25W. Ljusk\u00e4lla ing\u00e5r ej.<\/p>\n<p>Obs! Avtagbar sladd, kr\u00e4ver montering (sladden m\u00e5ste kopplas med kopplingsplint). Armaturen \u00e4r l\u00e4mplig ocks\u00e5 f\u00f6r fast installation.<br \/>\nLampan \u00e4r dock designad f\u00f6r individuell styrning med touchknappen p\u00e5 sj\u00e4lva lampan och inte fr\u00e5n en v\u00e4ggstr\u00f6mbrytare.   <\/p>\n<p>Bredd 22,5 cm<br \/>\nDjup 55 cm<br \/>\nH\u00f6jd 36,5 cm<br \/>\nSk\u00e4rmens diameter 22,5 cm och h\u00f6jd 16,5 cm<br \/>\nV\u00e4ggplatta 11 cm i diameter<\/p>\n","protected":false},"excerpt":{"rendered":"<p>Med sin coola och industriella design \u00e4r Darci-serien av Bj\u00f8rn + Balle b\u00e5de ett v\u00e4ldigt funktionellt och estetiskt inslag i ditt hem. Perfekt som s\u00e4nglampa, \u00f6ver k\u00f6ksb\u00e4nken eller p\u00e5 n\u00e5gon annan plats i ditt hem som beh\u00f6ver elegant och funktionell belysning. Det vackert sv\u00e4ngda lamphuvudet \u00e4r l\u00e4tt att justera beroende p\u00e5 om du ska anv\u00e4nda [&hellip;]<\/p>\n","protected":false},"featured_media":147244,"comment_status":"open","ping_status":"closed","template":"","meta":{"_acf_changed":false,"_relevanssi_hide_post":"","_relevanssi_hide_content":"","_relevanssi_pin_for_all":"","_relevanssi_pin_keywords":"","_relevanssi_unpin_keywords":"","_relevanssi_related_keywords":"","_relevanssi_related_include_ids":"","_relevanssi_related_exclude_ids":"","_relevanssi_related_no_append":"","_relevanssi_related_not_related":"","_relevanssi_related_posts":"","_relevanssi_noindex_reason":""},"pwb-brand":[37483],"product_brand":[],"product_cat":[32120,32129],"product_tag":[],"class_list":{"0":"post-147190","1":"product","2":"type-product","3":"status-publish","4":"has-post-thumbnail","6":"pwb-brand-design-for-the-people-sv","7":"product_cat-vagglampor","8":"product_cat-inomhusbelysning-sv","10":"first","11":"onbackorder","12":"taxable","13":"shipping-taxable","14":"purchasable","15":"product-type-simple"},"acf":[],"yoast_head":"<!-- This site is optimized with the Yoast SEO plugin v27.5 - https:\/\/yoast.com\/product\/yoast-seo-wordpress\/ -->\n<title>Darci v\u00e4gglampa sand - Oy Noortrade Ab<\/title>\n<meta name=\"robots\" content=\"index, follow, max-snippet:-1, max-image-preview:large, max-video-preview:-1\" \/>\n<link rel=\"canonical\" href=\"https:\/\/shop.noor.fi\/produkt\/darci-seinavalaisin-hiekka\/\" \/>\n<meta property=\"og:locale\" content=\"sv_SE\" \/>\n<meta property=\"og:type\" content=\"article\" \/>\n<meta property=\"og:title\" content=\"Darci v\u00e4gglampa sand - Oy Noortrade Ab\" \/>\n<meta property=\"og:description\" content=\"Med sin coola och industriella design \u00e4r Darci-serien av Bj\u00f8rn + Balle b\u00e5de ett v\u00e4ldigt funktionellt och estetiskt inslag i ditt hem. Perfekt som s\u00e4nglampa, \u00f6ver k\u00f6ksb\u00e4nken eller p\u00e5 n\u00e5gon annan plats i ditt hem som beh\u00f6ver elegant och funktionell belysning. Det vackert sv\u00e4ngda lamphuvudet \u00e4r l\u00e4tt att justera beroende p\u00e5 om du ska anv\u00e4nda [&hellip;]\" \/>\n<meta property=\"og:url\" content=\"https:\/\/shop.noor.fi\/produkt\/darci-seinavalaisin-hiekka\/\" \/>\n<meta property=\"og:site_name\" content=\"Oy Noortrade Ab\" \/>\n<meta property=\"article:modified_time\" content=\"2026-03-06T19:52:28+00:00\" \/>\n<meta property=\"og:image\" content=\"https:\/\/shop.noor.fi\/wp-content\/uploads\/2026\/02\/NL-2120551008.jpg\" \/>\n\t<meta property=\"og:image:width\" content=\"1210\" \/>\n\t<meta property=\"og:image:height\" content=\"1210\" \/>\n\t<meta property=\"og:image:type\" content=\"image\/jpeg\" \/>\n<meta name=\"twitter:card\" content=\"summary_large_image\" \/>\n<meta name=\"twitter:label1\" content=\"Ber\u00e4knad l\u00e4stid\" \/>\n\t<meta name=\"twitter:data1\" content=\"2 minuter\" \/>\n<script type=\"application\/ld+json\" class=\"yoast-schema-graph\">{\"@context\":\"https:\\\/\\\/schema.org\",\"@graph\":[{\"@type\":\"WebPage\",\"@id\":\"https:\\\/\\\/shop.noor.fi\\\/produkt\\\/darci-seinavalaisin-hiekka\\\/\",\"url\":\"https:\\\/\\\/shop.noor.fi\\\/produkt\\\/darci-seinavalaisin-hiekka\\\/\",\"name\":\"Darci v\u00e4gglampa sand - Oy Noortrade Ab\",\"isPartOf\":{\"@id\":\"https:\\\/\\\/shopnoorfi-wp31835.test.cchosting.fi\\\/#website\"},\"primaryImageOfPage\":{\"@id\":\"https:\\\/\\\/shop.noor.fi\\\/produkt\\\/darci-seinavalaisin-hiekka\\\/#primaryimage\"},\"image\":{\"@id\":\"https:\\\/\\\/shop.noor.fi\\\/produkt\\\/darci-seinavalaisin-hiekka\\\/#primaryimage\"},\"thumbnailUrl\":\"https:\\\/\\\/shop.noor.fi\\\/wp-content\\\/uploads\\\/2026\\\/02\\\/NL-2120551008.jpg\",\"datePublished\":\"2026-02-19T08:06:12+00:00\",\"dateModified\":\"2026-03-06T19:52:28+00:00\",\"breadcrumb\":{\"@id\":\"https:\\\/\\\/shop.noor.fi\\\/produkt\\\/darci-seinavalaisin-hiekka\\\/#breadcrumb\"},\"inLanguage\":\"sv-SE\",\"potentialAction\":[{\"@type\":\"ReadAction\",\"target\":[\"https:\\\/\\\/shop.noor.fi\\\/produkt\\\/darci-seinavalaisin-hiekka\\\/\"]}]},{\"@type\":\"ImageObject\",\"inLanguage\":\"sv-SE\",\"@id\":\"https:\\\/\\\/shop.noor.fi\\\/produkt\\\/darci-seinavalaisin-hiekka\\\/#primaryimage\",\"url\":\"https:\\\/\\\/shop.noor.fi\\\/wp-content\\\/uploads\\\/2026\\\/02\\\/NL-2120551008.jpg\",\"contentUrl\":\"https:\\\/\\\/shop.noor.fi\\\/wp-content\\\/uploads\\\/2026\\\/02\\\/NL-2120551008.jpg\",\"width\":1210,\"height\":1210},{\"@type\":\"BreadcrumbList\",\"@id\":\"https:\\\/\\\/shop.noor.fi\\\/produkt\\\/darci-seinavalaisin-hiekka\\\/#breadcrumb\",\"itemListElement\":[{\"@type\":\"ListItem\",\"position\":1,\"name\":\"Etusivu\",\"item\":\"https:\\\/\\\/shop.noor.fi\\\/sv\\\/\"},{\"@type\":\"ListItem\",\"position\":2,\"name\":\"Butik\",\"item\":\"https:\\\/\\\/shopnoorfi-wp31835.test.cchosting.fi\\\/sv\\\/butik\\\/\"},{\"@type\":\"ListItem\",\"position\":3,\"name\":\"Darci v\u00e4gglampa sand\"}]},{\"@type\":\"WebSite\",\"@id\":\"https:\\\/\\\/shopnoorfi-wp31835.test.cchosting.fi\\\/#website\",\"url\":\"https:\\\/\\\/shopnoorfi-wp31835.test.cchosting.fi\\\/\",\"name\":\"Oy Noortrade Ab\",\"description\":\"Finnish family owned company with over 30 years of professional experience in lighting &amp; interior products import and sales - reliably.\",\"publisher\":{\"@id\":\"https:\\\/\\\/shopnoorfi-wp31835.test.cchosting.fi\\\/#organization\"},\"potentialAction\":[{\"@type\":\"SearchAction\",\"target\":{\"@type\":\"EntryPoint\",\"urlTemplate\":\"https:\\\/\\\/shopnoorfi-wp31835.test.cchosting.fi\\\/?s={search_term_string}\"},\"query-input\":{\"@type\":\"PropertyValueSpecification\",\"valueRequired\":true,\"valueName\":\"search_term_string\"}}],\"inLanguage\":\"sv-SE\"},{\"@type\":\"Organization\",\"@id\":\"https:\\\/\\\/shopnoorfi-wp31835.test.cchosting.fi\\\/#organization\",\"name\":\"Oy Noortrade Ab\",\"url\":\"https:\\\/\\\/shopnoorfi-wp31835.test.cchosting.fi\\\/\",\"logo\":{\"@type\":\"ImageObject\",\"inLanguage\":\"sv-SE\",\"@id\":\"https:\\\/\\\/shopnoorfi-wp31835.test.cchosting.fi\\\/#\\\/schema\\\/logo\\\/image\\\/\",\"url\":\"https:\\\/\\\/shop.noor.fi\\\/wp-content\\\/uploads\\\/2024\\\/01\\\/Oy-Noortrade-Ab-Corbel-VERSAL-bold-BLACK.png\",\"contentUrl\":\"https:\\\/\\\/shop.noor.fi\\\/wp-content\\\/uploads\\\/2024\\\/01\\\/Oy-Noortrade-Ab-Corbel-VERSAL-bold-BLACK.png\",\"width\":721,\"height\":177,\"caption\":\"Oy Noortrade Ab\"},\"image\":{\"@id\":\"https:\\\/\\\/shopnoorfi-wp31835.test.cchosting.fi\\\/#\\\/schema\\\/logo\\\/image\\\/\"}}]}<\/script>\n<!-- \/ Yoast SEO plugin. -->","yoast_head_json":{"title":"Darci v\u00e4gglampa sand - Oy Noortrade Ab","robots":{"index":"index","follow":"follow","max-snippet":"max-snippet:-1","max-image-preview":"max-image-preview:large","max-video-preview":"max-video-preview:-1"},"canonical":"https:\/\/shop.noor.fi\/produkt\/darci-seinavalaisin-hiekka\/","og_locale":"sv_SE","og_type":"article","og_title":"Darci v\u00e4gglampa sand - Oy Noortrade Ab","og_description":"Med sin coola och industriella design \u00e4r Darci-serien av Bj\u00f8rn + Balle b\u00e5de ett v\u00e4ldigt funktionellt och estetiskt inslag i ditt hem. Perfekt som s\u00e4nglampa, \u00f6ver k\u00f6ksb\u00e4nken eller p\u00e5 n\u00e5gon annan plats i ditt hem som beh\u00f6ver elegant och funktionell belysning. Det vackert sv\u00e4ngda lamphuvudet \u00e4r l\u00e4tt att justera beroende p\u00e5 om du ska anv\u00e4nda [&hellip;]","og_url":"https:\/\/shop.noor.fi\/produkt\/darci-seinavalaisin-hiekka\/","og_site_name":"Oy Noortrade Ab","article_modified_time":"2026-03-06T19:52:28+00:00","og_image":[{"width":1210,"height":1210,"url":"https:\/\/shop.noor.fi\/wp-content\/uploads\/2026\/02\/NL-2120551008.jpg","type":"image\/jpeg"}],"twitter_card":"summary_large_image","twitter_misc":{"Ber\u00e4knad l\u00e4stid":"2 minuter"},"schema":{"@context":"https:\/\/schema.org","@graph":[{"@type":"WebPage","@id":"https:\/\/shop.noor.fi\/produkt\/darci-seinavalaisin-hiekka\/","url":"https:\/\/shop.noor.fi\/produkt\/darci-seinavalaisin-hiekka\/","name":"Darci v\u00e4gglampa sand - Oy Noortrade Ab","isPartOf":{"@id":"https:\/\/shopnoorfi-wp31835.test.cchosting.fi\/#website"},"primaryImageOfPage":{"@id":"https:\/\/shop.noor.fi\/produkt\/darci-seinavalaisin-hiekka\/#primaryimage"},"image":{"@id":"https:\/\/shop.noor.fi\/produkt\/darci-seinavalaisin-hiekka\/#primaryimage"},"thumbnailUrl":"https:\/\/shop.noor.fi\/wp-content\/uploads\/2026\/02\/NL-2120551008.jpg","datePublished":"2026-02-19T08:06:12+00:00","dateModified":"2026-03-06T19:52:28+00:00","breadcrumb":{"@id":"https:\/\/shop.noor.fi\/produkt\/darci-seinavalaisin-hiekka\/#breadcrumb"},"inLanguage":"sv-SE","potentialAction":[{"@type":"ReadAction","target":["https:\/\/shop.noor.fi\/produkt\/darci-seinavalaisin-hiekka\/"]}]},{"@type":"ImageObject","inLanguage":"sv-SE","@id":"https:\/\/shop.noor.fi\/produkt\/darci-seinavalaisin-hiekka\/#primaryimage","url":"https:\/\/shop.noor.fi\/wp-content\/uploads\/2026\/02\/NL-2120551008.jpg","contentUrl":"https:\/\/shop.noor.fi\/wp-content\/uploads\/2026\/02\/NL-2120551008.jpg","width":1210,"height":1210},{"@type":"BreadcrumbList","@id":"https:\/\/shop.noor.fi\/produkt\/darci-seinavalaisin-hiekka\/#breadcrumb","itemListElement":[{"@type":"ListItem","position":1,"name":"Etusivu","item":"https:\/\/shop.noor.fi\/sv\/"},{"@type":"ListItem","position":2,"name":"Butik","item":"https:\/\/shopnoorfi-wp31835.test.cchosting.fi\/sv\/butik\/"},{"@type":"ListItem","position":3,"name":"Darci v\u00e4gglampa sand"}]},{"@type":"WebSite","@id":"https:\/\/shopnoorfi-wp31835.test.cchosting.fi\/#website","url":"https:\/\/shopnoorfi-wp31835.test.cchosting.fi\/","name":"Oy Noortrade Ab","description":"Finnish family owned company with over 30 years of professional experience in lighting &amp; interior products import and sales - reliably.","publisher":{"@id":"https:\/\/shopnoorfi-wp31835.test.cchosting.fi\/#organization"},"potentialAction":[{"@type":"SearchAction","target":{"@type":"EntryPoint","urlTemplate":"https:\/\/shopnoorfi-wp31835.test.cchosting.fi\/?s={search_term_string}"},"query-input":{"@type":"PropertyValueSpecification","valueRequired":true,"valueName":"search_term_string"}}],"inLanguage":"sv-SE"},{"@type":"Organization","@id":"https:\/\/shopnoorfi-wp31835.test.cchosting.fi\/#organization","name":"Oy Noortrade Ab","url":"https:\/\/shopnoorfi-wp31835.test.cchosting.fi\/","logo":{"@type":"ImageObject","inLanguage":"sv-SE","@id":"https:\/\/shopnoorfi-wp31835.test.cchosting.fi\/#\/schema\/logo\/image\/","url":"https:\/\/shop.noor.fi\/wp-content\/uploads\/2024\/01\/Oy-Noortrade-Ab-Corbel-VERSAL-bold-BLACK.png","contentUrl":"https:\/\/shop.noor.fi\/wp-content\/uploads\/2024\/01\/Oy-Noortrade-Ab-Corbel-VERSAL-bold-BLACK.png","width":721,"height":177,"caption":"Oy Noortrade Ab"},"image":{"@id":"https:\/\/shopnoorfi-wp31835.test.cchosting.fi\/#\/schema\/logo\/image\/"}}]}},"brands":[{"id":37483,"name":"Design For The People","slug":"design-for-the-people-sv"}],"_links":{"self":[{"href":"https:\/\/shop.noor.fi\/sv\/wp-json\/wp\/v2\/product\/147190","targetHints":{"allow":["GET"]}}],"collection":[{"href":"https:\/\/shop.noor.fi\/sv\/wp-json\/wp\/v2\/product"}],"about":[{"href":"https:\/\/shop.noor.fi\/sv\/wp-json\/wp\/v2\/types\/product"}],"replies":[{"embeddable":true,"href":"https:\/\/shop.noor.fi\/sv\/wp-json\/wp\/v2\/comments?post=147190"}],"wp:featuredmedia":[{"embeddable":true,"href":"https:\/\/shop.noor.fi\/sv\/wp-json\/wp\/v2\/media\/147244"}],"wp:attachment":[{"href":"https:\/\/shop.noor.fi\/sv\/wp-json\/wp\/v2\/media?parent=147190"}],"wp:term":[{"taxonomy":"pwb-brand","embeddable":true,"href":"https:\/\/shop.noor.fi\/sv\/wp-json\/wp\/v2\/pwb-brand?post=147190"},{"taxonomy":"product_brand","embeddable":true,"href":"https:\/\/shop.noor.fi\/sv\/wp-json\/wp\/v2\/product_brand?post=147190"},{"taxonomy":"product_cat","embeddable":true,"href":"https:\/\/shop.noor.fi\/sv\/wp-json\/wp\/v2\/product_cat?post=147190"},{"taxonomy":"product_tag","embeddable":true,"href":"https:\/\/shop.noor.fi\/sv\/wp-json\/wp\/v2\/product_tag?post=147190"}],"curies":[{"name":"wp","href":"https:\/\/api.w.org\/{rel}","templated":true}]}}